{"id":1032,"date":"2018-08-24T15:42:51","date_gmt":"2018-08-24T13:42:51","guid":{"rendered":"http:\/\/testecolestthomas2.ddns.net\/wordpress\/?page_id=1032"},"modified":"2023-02-09T09:20:06","modified_gmt":"2023-02-09T08:20:06","slug":"infos-pratiques-2","status":"publish","type":"page","link":"https:\/\/em-st-thomas.fr\/?page_id=1032","title":{"rendered":"Infos pratiques"},"content":{"rendered":"<div id=\"pl-1032\"  class=\"panel-layout\" ><div id=\"pg-1032-0\"  class=\"panel-grid panel-no-style\" ><div id=\"pgc-1032-0-0\"  class=\"panel-grid-cell\" ><div id=\"panel-1032-0-0-0\" class=\"so-panel widget widget_sow-editor panel-first-child\" data-index=\"0\" ><div\n\t\t\t\n\t\t\tclass=\"so-widget-sow-editor so-widget-sow-editor-base\"\n\t\t\t\n\t\t><h3 class=\"widget-title\">Ecole de Musique St-Thomas<\/h3>\n<div class=\"siteorigin-widget-tinymce textwidget\">\n\t<p>2, rue de la Monnaie<br \/>\n67000 Strasbourg<br \/>\n+33(0)3.88.23.56.14<br \/>\n<a href=\"mailto:contact@em-st-thomas.fr\">contact@em-st-thomas.fr<\/a><i><\/i><\/p>\n<ul>\n<li><strong>Accueil<\/strong> : uniquement sur rendez-vous le mercredi matin.<\/li>\n<\/ul>\n<\/div>\n<\/div><\/div><div id=\"panel-1032-0-0-1\" class=\"so-panel widget widget_sow-editor panel-last-child\" data-index=\"1\" ><div\n\t\t\t\n\t\t\tclass=\"so-widget-sow-editor so-widget-sow-editor-base\"\n\t\t\t\n\t\t><h3 class=\"widget-title\">Accessibilit\u00e9<\/h3>\n<div class=\"siteorigin-widget-tinymce textwidget\">\n\t<p>Tram : Ligne A et D, station Langstross Grand'Rue<br \/>\nBus : Ligne 10, arr\u00eat St-Thomas-Finkwiller \/ Ligne 14, arr\u00eat Ancienne Douane<\/p>\n<p><span style=\"color: #ff0000;\">L'acc\u00e8s \u00e0 l'\u00e9cole de musique s'effectue obligatoirement hors temps scolaire avec un badge, puis, une fois dans la cour, par l'escalier de l'entr\u00e9e C (sur la droite). L'\u00e9cole de musique se situe au 3\u00e8me \u00e9tage.<\/span><\/p>\n<p>&nbsp;<\/p>\n<\/div>\n<\/div><\/div><\/div><div id=\"pgc-1032-0-1\"  class=\"panel-grid-cell\" ><div id=\"panel-1032-0-1-0\" class=\"widget_text so-panel widget widget_custom_html panel-first-child panel-last-child\" data-index=\"2\" ><h3 class=\"widget-title\">O\u00f9 nous trouver ?<\/h3><div class=\"textwidget custom-html-widget\"><iframe loading=\"lazy\" width=\"700\" height=\"350\" frameborder=\"0\" scrolling=\"no\" marginheight=\"0\" marginwidth=\"0\" src=\"https:\/\/www.openstreetmap.org\/export\/embed.html?bbox=7.741557955741883%2C48.578658525486425%2C7.746546864509583%2C48.58100439433846&amp;layer=mapnik&amp;marker=48.579831473520805%2C7.744052410125732\" style=\"border:0\"><\/iframe><br\/><small><a href=\"https:\/\/www.openstreetmap.org\/?mlat=48.57983&amp;mlon=7.74405#map=18\/48.57983\/7.74405\">Afficher la carte dans un nouvel onglet<\/a><\/small><\/div><\/div><\/div><\/div><\/div>","protected":false},"excerpt":{"rendered":"<p>2, rue de la Monnaie 67000 Strasbourg +33(0)3.88.23.56.14 contact@em-st-thomas.fr Accueil : uniquement sur rendez-vous le mercredi matin. Tram : Ligne A et D, station Langstross Grand&rsquo;Rue Bus : Ligne 10, arr\u00eat St-Thomas-Finkwiller \/ Ligne 14, arr\u00eat Ancienne Douane L&rsquo;acc\u00e8s \u00e0 l&rsquo;\u00e9cole de musique s&rsquo;effectue obligatoirement hors temps scolaire avec un badge, puis, une fois dans&hellip; <br \/> <a class=\"read-more\" href=\"https:\/\/em-st-thomas.fr\/?page_id=1032\">Lire la suite<\/a><\/p>\n","protected":false},"author":1,"featured_media":0,"parent":0,"menu_order":0,"comment_status":"closed","ping_status":"closed","template":"","meta":{"footnotes":""},"_links":{"self":[{"href":"https:\/\/em-st-thomas.fr\/index.php?rest_route=\/wp\/v2\/pages\/1032"}],"collection":[{"href":"https:\/\/em-st-thomas.fr\/index.php?rest_route=\/wp\/v2\/pages"}],"about":[{"href":"https:\/\/em-st-thomas.fr\/index.php?rest_route=\/wp\/v2\/types\/page"}],"author":[{"embeddable":true,"href":"https:\/\/em-st-thomas.fr\/index.php?rest_route=\/wp\/v2\/users\/1"}],"replies":[{"embeddable":true,"href":"https:\/\/em-st-thomas.fr\/index.php?rest_route=%2Fwp%2Fv2%2Fcomments&post=1032"}],"version-history":[{"count":121,"href":"https:\/\/em-st-thomas.fr\/index.php?rest_route=\/wp\/v2\/pages\/1032\/revisions"}],"predecessor-version":[{"id":5382,"href":"https:\/\/em-st-thomas.fr\/index.php?rest_route=\/wp\/v2\/pages\/1032\/revisions\/5382"}],"wp:attachment":[{"href":"https:\/\/em-st-thomas.fr\/index.php?rest_route=%2Fwp%2Fv2%2Fmedia&parent=1032"}],"curies":[{"name":"wp","href":"https:\/\/api.w.org\/{rel}","templated":true}]}}