{"id":1289,"date":"2023-05-13T09:00:50","date_gmt":"2023-05-13T07:00:50","guid":{"rendered":"http:\/\/testecolestthomas2.ddns.net\/wordpress\/?page_id=1289"},"modified":"2025-05-20T16:06:50","modified_gmt":"2025-05-20T14:06:50","slug":"telechargements","status":"publish","type":"page","link":"https:\/\/em-st-thomas.fr\/?page_id=1289","title":{"rendered":"Inscriptions"},"content":{"rendered":"<div id=\"pl-1289\"  class=\"panel-layout\" ><div id=\"pg-1289-0\"  class=\"panel-grid panel-no-style\" ><div id=\"pgc-1289-0-0\"  class=\"panel-grid-cell\" ><div id=\"panel-1289-0-0-0\" class=\"so-panel widget widget_sow-editor panel-first-child\" data-index=\"0\" ><div\n\t\t\t\n\t\t\tclass=\"so-widget-sow-editor so-widget-sow-editor-base\"\n\t\t\t\n\t\t><h3 class=\"widget-title\">Inscriptions<\/h3>\n<div class=\"siteorigin-widget-tinymce textwidget\">\n\t<p><!-- wp:list --><\/p>\n<ul>\n<li style=\"list-style-type: none;\">\n<ul><!-- wp:list-item --><\/p>\n<li>Les r\u00e9inscriptions sont ouvertes jusqu'au 9 juin.<\/li>\n<\/ul>\n<\/li>\n<\/ul>\n<p><!-- \/wp:list-item --><\/p>\n<p><!-- \/wp:list --> <!-- wp:paragraph --><\/p>\n<p>Cette ann\u00e9e, pour se r\u00e9inscrire, rendez-vous sur votre espace\u00a0personnel DuoNET jusqu'au\u00a0<strong>9 juin 2025.\u00a0<\/strong>Un mail avec la proc\u00e9dure de cr\u00e9ation de compte vous a \u00e9t\u00e9 transmis. Si vous rencontrez des difficult\u00e9s contactez-nous \u00e0 l'adresse <a href=\"mailto:contact@em-st-thomas.fr\">contact@em-st-thomas.fr<\/a><\/p>\n<p><!-- \/wp:paragraph --> <!-- wp:paragraph --><\/p>\n<p><strong>\u00c0 l\u2019issue de cette p\u00e9riode, tout \u00e9l\u00e8ve non r\u00e9inscrit sera consid\u00e9r\u00e9 d\u00e9missionnaire\u00a0et sa place pourra \u00eatre attribu\u00e9e \u00e0 un nouvel \u00e9l\u00e8ve.<\/strong><\/p>\n<p><!-- \/wp:paragraph --> <!-- wp:list --><\/p>\n<ul>\n<li style=\"list-style-type: none;\">\n<ul><!-- wp:list-item --><\/p>\n<li>Les pr\u00e9inscriptions pour les nouveaux \u00e9l\u00e8ves ouvriront \u00e0 partir du <strong>9 juin 2025<\/strong>.<\/li>\n<\/ul>\n<\/li>\n<\/ul>\n<p><!-- \/wp:list-item --><\/p>\n<p><!-- \/wp:list --> <!-- wp:paragraph --><\/p>\n<p>Pour faire une demande d'inscription, rendez-vous son le site <a href=\"http:\/\/www.em-st-thomas.fr\">www.em-st-thomas.fr<\/a> et cliquez sur \"<em>Inscriptions &gt; Demande d'inscriptions<\/em>\"<\/p>\n<p><!-- \/wp:paragraph --> <!-- wp:paragraph --><\/p>\n<p>Petit rappel, 2 parcours d'enseignement sont possibles :<\/p>\n<p><!-- \/wp:paragraph --> <!-- wp:paragraph --><\/p>\n<p>\u2013 s\u2019inscrire seulement \u00e0 un atelier, c\u2019est \u00e0 dire \u00e0 un cours collectif : par exemple chorale, \u00e9veil musical, ensembles instrumentaux, orchestres... Une pratique instrumentale individuelle ne peut faire l'objet d'un atelier.<\/p>\n<p><!-- \/wp:paragraph --> <!-- wp:paragraph --><\/p>\n<p>\u2013 ou s\u2019inscrire au cursus qui comprend \u00e0 la fois le cours individuel d\u2019instrument (ou de chant), le cours de formation musicale et un atelier collectif.<\/p>\n<p><!-- \/wp:paragraph --> <!-- wp:paragraph --><\/p>\n<p>Dans le cadre du cursus, une fois votre demande trait\u00e9e, nous vous transmettrons les coordonn\u00e9es du professeur pour d\u00e9finir directement avec lui le cr\u00e9neau du cours individuel.<\/p>\n<p><!-- \/wp:paragraph --> <!-- wp:paragraph --><\/p>\n<p>Concernant le choix du cours de formation musicale, voici quelques rep\u00e8res selon le niveau scolaire (\u00e0 titre informatif) :<\/p>\n<p><!-- \/wp:paragraph --> <!-- wp:paragraph --><\/p>\n<p>CP \u2013 Initiation \u00e0 la FM<\/p>\n<p><!-- \/wp:paragraph --> <!-- wp:paragraph --><\/p>\n<p>CE1 \u2013 1er cycle 1\u00e8re ann\u00e9e<\/p>\n<p><!-- \/wp:paragraph --> <!-- wp:paragraph --><\/p>\n<p>CE2 - 1er cycle 2\u00e8me ann\u00e9e<\/p>\n<p><!-- \/wp:paragraph --> <!-- wp:paragraph --><\/p>\n<p>CM1 \u2013 1er cycle 3\u00e8me ann\u00e9e<\/p>\n<p><!-- \/wp:paragraph --> <!-- wp:paragraph --><\/p>\n<p>CM2 - 1er cycle 4\u00e8me ann\u00e9e<\/p>\n<p><!-- \/wp:paragraph --> <!-- wp:paragraph --><\/p>\n<p>6\u00e8me \u2013 2\u00e8me cycle 1\u00e8re ann\u00e9e<\/p>\n<p><!-- \/wp:paragraph --> <!-- wp:paragraph --><\/p>\n<p>5\u00e8me \u2013 2\u00e8me cycle 2\u00e8me ann\u00e9e<\/p>\n<p><!-- \/wp:paragraph --> <!-- wp:paragraph --><\/p>\n<p>4\u00e8me \/ 3\u00e8me - 2\u00e8me cycle 3\u00e8me ann\u00e9e<\/p>\n<p><!-- \/wp:paragraph --> <!-- wp:paragraph --><\/p>\n<p>Des cours de formation musicale pour les adultes sont aussi dispens\u00e9s.<\/p>\n<p><!-- \/wp:paragraph --> <!-- wp:paragraph --><\/p>\n<p>La formation musicale est obligatoire dans le cadre du cursus. Une d\u00e9rogation peut \u00eatre obtenue sur pr\u00e9sentation d'un certificat faisant \u00e9tat d'un niveau sup\u00e9rieur au cycle 2.<\/p>\n<p><!-- \/wp:paragraph --> <!-- wp:paragraph --><\/p>\n<p>A partir de la rentr\u00e9e de septembre, l'acc\u00e8s au b\u00e2timent n'est possible qu'hors temps scolaire sauf le mercredi le samedi. Il s'effectue gr\u00e2ce \u00e0 un badge, transmis \u00e0 la suite de l'inscription (caution de 30 euros).<\/p>\n<p><!-- \/wp:paragraph --> <!-- wp:paragraph --><\/p>\n<p>Si vous avez une question, n\u2019h\u00e9sitez pas \u00e0 nous contacter \u00e0 l'adresse <a href=\"mailto:contact@em-st-thomas.fr\">contact@em-st-thomas.fr<\/a><\/p>\n<p><!-- \/wp:paragraph --> <!-- wp:image {\"id\":5843,\"width\":\"undefinedpx\",\"height\":\"undefinedpx\",\"sizeSlug\":\"full\",\"linkDestination\":\"none\",\"className\":\"is-resized\"} --><\/p>\n<figure class=\"wp-block-image size-full is-resized\"><img loading=\"lazy\" decoding=\"async\" width=\"1434\" height=\"2030\" class=\"wp-image-5843\" src=\"https:\/\/em-st-thomas.fr\/wp-content\/uploads\/2024\/06\/Infographie-cursus-3-edited.png\" alt=\"\" srcset=\"https:\/\/em-st-thomas.fr\/wp-content\/uploads\/2024\/06\/Infographie-cursus-3-edited.png 1434w, https:\/\/em-st-thomas.fr\/wp-content\/uploads\/2024\/06\/Infographie-cursus-3-edited-212x300.png 212w, https:\/\/em-st-thomas.fr\/wp-content\/uploads\/2024\/06\/Infographie-cursus-3-edited-723x1024.png 723w, https:\/\/em-st-thomas.fr\/wp-content\/uploads\/2024\/06\/Infographie-cursus-3-edited-768x1087.png 768w, https:\/\/em-st-thomas.fr\/wp-content\/uploads\/2024\/06\/Infographie-cursus-3-edited-1085x1536.png 1085w, https:\/\/em-st-thomas.fr\/wp-content\/uploads\/2024\/06\/Infographie-cursus-3-edited-1024x1450.png 1024w, https:\/\/em-st-thomas.fr\/wp-content\/uploads\/2024\/06\/Infographie-cursus-3-edited-763x1080.png 763w\" sizes=\"(max-width: 1434px) 100vw, 1434px\" \/><\/figure>\n<p><!-- \/wp:image --><\/p>\n<\/div>\n<\/div><\/div><div id=\"panel-1289-0-0-1\" class=\"so-panel widget widget_sow-editor\" data-index=\"1\" ><div\n\t\t\t\n\t\t\tclass=\"so-widget-sow-editor so-widget-sow-editor-base\"\n\t\t\t\n\t\t><h3 class=\"widget-title\">Vous souhaitez vous inscrire ? <\/h3>\n<div class=\"siteorigin-widget-tinymce textwidget\">\n\t<ol>\n<li>Consultez ou t\u00e9l\u00e9chargez les fichiers ci-dessous<\/li>\n<\/ol>\n\n<!-- G\u00e9n\u00e9ration r\u00e9alis\u00e9e avec Document Gallery. Obtenez votre version ici :http:\/\/wordpress.org\/extend\/plugins\/document-gallery -->\n<div id=\"document-gallery-1\" class=\"document-gallery\" data-shortcode='{\"id\":1289,\"include\":\"5443,6098,5955\",\"exclude\":\"\",\"attachment_pg\":false,\"columns\":3,\"descriptions\":false,\"fancy\":true,\"limit\":-1,\"mime_types\":\"application,video,text,audio,image\",\"new_window\":false,\"order\":\"ASC\",\"orderby\":\"post__in\",\"paginate\":true,\"post_status\":\"any\",\"post_type\":\"attachment\",\"relation\":\"AND\",\"skip\":0}' style='--dg-icon-width: 32%'>\n<div class='document-icon-row'>\n   <div class=\"document-icon\">\n      <a href=\"https:\/\/em-st-thomas.fr\/wp-content\/uploads\/2023\/05\/Tarifs.pdf\" target=\"_self\">\n         <img decoding=\"async\" src=\"https:\/\/em-st-thomas.fr\/wp-content\/uploads\/2023\/05\/Tarifs-pdf.jpg\" title=\"Tarifs\" alt=\"Tarifs\" data-ext=\"pdf\"\/>\n         <span class=\"title\">Tarifs<\/span>\n      <\/a>\n   <\/div>\n   <div class=\"document-icon\">\n      <a href=\"https:\/\/em-st-thomas.fr\/wp-content\/uploads\/2025\/05\/Demande-daide-financiere-2025-2026.pdf\" target=\"_self\">\n         <img decoding=\"async\" src=\"https:\/\/em-st-thomas.fr\/wp-content\/uploads\/2025\/05\/Demande-daide-financiere-2025-2026-pdf.jpg\" title=\"Demande d&rsquo;aide financi\u00e8re 2025-2026\" alt=\"Demande d&rsquo;aide financi\u00e8re 2025-2026\" data-ext=\"pdf\"\/>\n         <span class=\"title\">Demande d&rsquo;aide financi\u00e8re 2025-2026<\/span>\n      <\/a>\n   <\/div>\n   <div class=\"document-icon\">\n      <a href=\"https:\/\/em-st-thomas.fr\/wp-content\/uploads\/2024\/09\/Horaires-FM-Eveil-Chorale.pdf\" target=\"_self\">\n         <img decoding=\"async\" src=\"https:\/\/em-st-thomas.fr\/wp-content\/uploads\/2024\/09\/Horaires-FM-Eveil-Chorale-pdf.jpg\" title=\"Horaires FM-Eveil-Chorale\" alt=\"Horaires FM-Eveil-Chorale\" data-ext=\"pdf\"\/>\n         <span class=\"title\">Horaires FM-Eveil-Chorale<\/span>\n      <\/a>\n   <\/div>\n\n<\/div>\n<\/div>\n<\/div>\n<\/div><\/div><div id=\"panel-1289-0-0-2\" class=\"so-panel widget widget_sow-editor\" data-index=\"2\" ><div\n\t\t\t\n\t\t\tclass=\"so-widget-sow-editor so-widget-sow-editor-base\"\n\t\t\t\n\t\t>\n<div class=\"siteorigin-widget-tinymce textwidget\">\n\t<p>3. R\u00e9gler l'adh\u00e9sion \u00e0 l'association (une seule par famille) pour valider votre inscription en\u00a0<a href=\"https:\/\/www.payasso.fr\/ecolemusiquestthomas\/adhesion\"><strong>cliquant ici<\/strong><\/a> !<\/p>\n<\/div>\n<\/div><\/div><div id=\"panel-1289-0-0-3\" class=\"so-panel widget widget_sow-editor panel-last-child\" data-index=\"3\" ><div\n\t\t\t\n\t\t\tclass=\"so-widget-sow-editor so-widget-sow-editor-base\"\n\t\t\t\n\t\t><h3 class=\"widget-title\">Vous souhaitez soutenir l'\u00e9cole de musique ?<\/h3>\n<div class=\"siteorigin-widget-tinymce textwidget\">\n\t<p>T\u00e9l\u00e9chargez le bulletin de don ci-dessous.<\/p>\n\n<!-- G\u00e9n\u00e9ration r\u00e9alis\u00e9e avec Document Gallery. Obtenez votre version ici :http:\/\/wordpress.org\/extend\/plugins\/document-gallery -->\n<div id=\"document-gallery-2\" class=\"document-gallery\" data-shortcode='{\"id\":1289,\"include\":\"1951\",\"exclude\":\"\",\"attachment_pg\":false,\"columns\":4,\"descriptions\":false,\"fancy\":true,\"limit\":-1,\"mime_types\":\"application,video,text,audio,image\",\"new_window\":false,\"order\":\"ASC\",\"orderby\":\"post__in\",\"paginate\":true,\"post_status\":\"any\",\"post_type\":\"attachment\",\"relation\":\"AND\",\"skip\":0}' style='--dg-icon-width: 24%'>\n<div class='document-icon-row'>\n   <div class=\"document-icon\">\n      <a href=\"https:\/\/em-st-thomas.fr\/wp-content\/uploads\/2018\/11\/Bulletin-de-don.pdf\" target=\"_self\">\n         <img decoding=\"async\" src=\"https:\/\/em-st-thomas.fr\/wp-content\/uploads\/2018\/11\/Bulletin-de-don-pdf.jpg\" title=\"Bulletin de don\" alt=\"Bulletin de don\" data-ext=\"pdf\"\/>\n         <span class=\"title\">Bulletin de don<\/span>\n      <\/a>\n   <\/div>\n\n<\/div>\n<\/div>\n<\/div>\n<\/div><\/div><\/div><\/div><\/div>","protected":false},"excerpt":{"rendered":"<p>Les r\u00e9inscriptions sont ouvertes jusqu&rsquo;au 9 juin. Cette ann\u00e9e, pour se r\u00e9inscrire, rendez-vous sur votre espace\u00a0personnel DuoNET jusqu&rsquo;au\u00a09 juin 2025.\u00a0Un mail avec la proc\u00e9dure de cr\u00e9ation de compte vous a \u00e9t\u00e9 transmis. Si vous rencontrez des difficult\u00e9s contactez-nous \u00e0 l&rsquo;adresse contact@em-st-thomas.fr \u00c0 l\u2019issue de cette p\u00e9riode, tout \u00e9l\u00e8ve non r\u00e9inscrit sera consid\u00e9r\u00e9 d\u00e9missionnaire\u00a0et sa place&hellip; <br \/> <a class=\"read-more\" href=\"https:\/\/em-st-thomas.fr\/?page_id=1289\">Lire la suite<\/a><\/p>\n","protected":false},"author":1,"featured_media":0,"parent":0,"menu_order":0,"comment_status":"closed","ping_status":"closed","template":"","meta":{"footnotes":""},"_links":{"self":[{"href":"https:\/\/em-st-thomas.fr\/index.php?rest_route=\/wp\/v2\/pages\/1289"}],"collection":[{"href":"https:\/\/em-st-thomas.fr\/index.php?rest_route=\/wp\/v2\/pages"}],"about":[{"href":"https:\/\/em-st-thomas.fr\/index.php?rest_route=\/wp\/v2\/types\/page"}],"author":[{"embeddable":true,"href":"https:\/\/em-st-thomas.fr\/index.php?rest_route=\/wp\/v2\/users\/1"}],"replies":[{"embeddable":true,"href":"https:\/\/em-st-thomas.fr\/index.php?rest_route=%2Fwp%2Fv2%2Fcomments&post=1289"}],"version-history":[{"count":311,"href":"https:\/\/em-st-thomas.fr\/index.php?rest_route=\/wp\/v2\/pages\/1289\/revisions"}],"predecessor-version":[{"id":6107,"href":"https:\/\/em-st-thomas.fr\/index.php?rest_route=\/wp\/v2\/pages\/1289\/revisions\/6107"}],"wp:attachment":[{"href":"https:\/\/em-st-thomas.fr\/index.php?rest_route=%2Fwp%2Fv2%2Fmedia&parent=1289"}],"curies":[{"name":"wp","href":"https:\/\/api.w.org\/{rel}","templated":true}]}}