{"id":1915,"date":"2018-11-06T10:04:53","date_gmt":"2018-11-06T09:04:53","guid":{"rendered":"http:\/\/em-st-thomas.fr\/?page_id=1915"},"modified":"2022-11-24T09:38:50","modified_gmt":"2022-11-24T08:38:50","slug":"nos-partenaires","status":"publish","type":"page","link":"https:\/\/em-st-thomas.fr\/?page_id=1915","title":{"rendered":"Nos partenaires"},"content":{"rendered":"<div id=\"pl-1915\"  class=\"panel-layout\" ><div id=\"pg-1915-0\"  class=\"panel-grid panel-no-style\" ><div id=\"pgc-1915-0-0\"  class=\"panel-grid-cell\" ><div id=\"panel-1915-0-0-0\" class=\"so-panel widget widget_text panel-first-child panel-last-child\" data-index=\"0\" >\t\t\t<div class=\"textwidget\"><ul>\n<li>L&rsquo;\u00c9ducation Nationale &#8211; Acad\u00e9mie de Strasbourg : <a href=\"http:\/\/www.ac-strasbourg.fr\">http:\/\/wwwac-strasbourg.fr<\/a><\/li>\n<li>L&rsquo;\u00e9cole \u00e9l\u00e9mentaire St-Thomas :\u00a0<a href=\"http:\/\/www.ec-saint-thomas-strasbourg.ac-strasbourg.fr\/wp\/\">http:\/\/www.ec-saint-thomas-strasbourg.ac-strasbourg.fr\/wp\/<\/a><\/li>\n<li>L&rsquo;\u00e9cole maternelle Vauban<\/li>\n<li>L&rsquo;\u00e9cole maternelle Louise Scheppler<\/li>\n<li>L&rsquo;\u00e9cole maternelle Louis Pasteur<\/li>\n<li>L&rsquo;\u00e9cole maternelle Finkwiller<\/li>\n<li>Notre-Dame des Mineurs :\u00a0<a href=\"http:\/\/www.notredame67.com\">http:\/\/www.notredame67.com<\/a><\/li>\n<li>Fondation Stenger-Bachmann :\u00a0<a href=\"http:\/\/stenger-bachmann.com\">http:\/\/stenger-bachmann.com<\/a><\/li>\n<li>Le Centre Musical de la Krutenau :\u00a0<a href=\"http:\/\/cmk-strasbourg.fr\">http:\/\/cmk-strasbourg.fr<\/a><\/li>\n<li>L&rsquo;Association des Amis des Jeunes Artistes Musiciens (AJAM) : <a href=\"http:\/\/www.ajam.fr\">http:\/\/www.ajam.fr<\/a><\/li>\n<li>Le Festival Musica : <a href=\"https:\/\/festivalmusica.fr\">https:\/\/festivalmusica.fr<\/a><\/li>\n<li>L&rsquo;ensemble de musique contemporaine AxisModula : <a href=\"http:\/\/www.axismodula.com\">http:\/\/www.axismodula.com<\/a><\/li>\n<li>L&rsquo;ensemble lyrique Op\u00e9ra Piano<\/li>\n<li>L&rsquo;Eglise R\u00e9form\u00e9e du Bouclier :\u00a0<a href=\"http:\/\/www.lebouclier.fr\/spip.php?rubrique72\">http:\/\/www.lebouclier.fr<\/a><\/li>\n<li>Association des commer\u00e7ants de la rue des Serruriers (ACOARUS) :\u00a0<a href=\"https:\/\/fr-fr.facebook.com\/acoarus\">https:\/\/fr-fr.facebook.com\/acoarus<\/a><\/li>\n<\/ul>\n<\/div>\n\t\t<\/div><\/div><\/div><\/div>","protected":false},"excerpt":{"rendered":"<p>L&rsquo;\u00c9ducation Nationale &#8211; Acad\u00e9mie de Strasbourg : http:\/\/wwwac-strasbourg.fr L&rsquo;\u00e9cole \u00e9l\u00e9mentaire St-Thomas :\u00a0http:\/\/www.ec-saint-thomas-strasbourg.ac-strasbourg.fr\/wp\/ L&rsquo;\u00e9cole maternelle Vauban L&rsquo;\u00e9cole maternelle Louise Scheppler L&rsquo;\u00e9cole maternelle Louis Pasteur L&rsquo;\u00e9cole maternelle Finkwiller Notre-Dame des Mineurs :\u00a0http:\/\/www.notredame67.com Fondation Stenger-Bachmann :\u00a0http:\/\/stenger-bachmann.com Le Centre Musical de la Krutenau :\u00a0http:\/\/cmk-strasbourg.fr L&rsquo;Association des Amis des Jeunes Artistes Musiciens (AJAM) : http:\/\/www.ajam.fr Le Festival Musica : https:\/\/festivalmusica.fr&hellip; <br \/> <a class=\"read-more\" href=\"https:\/\/em-st-thomas.fr\/?page_id=1915\">Lire la suite<\/a><\/p>\n","protected":false},"author":1,"featured_media":0,"parent":0,"menu_order":0,"comment_status":"closed","ping_status":"closed","template":"","meta":{"footnotes":""},"_links":{"self":[{"href":"https:\/\/em-st-thomas.fr\/index.php?rest_route=\/wp\/v2\/pages\/1915"}],"collection":[{"href":"https:\/\/em-st-thomas.fr\/index.php?rest_route=\/wp\/v2\/pages"}],"about":[{"href":"https:\/\/em-st-thomas.fr\/index.php?rest_route=\/wp\/v2\/types\/page"}],"author":[{"embeddable":true,"href":"https:\/\/em-st-thomas.fr\/index.php?rest_route=\/wp\/v2\/users\/1"}],"replies":[{"embeddable":true,"href":"https:\/\/em-st-thomas.fr\/index.php?rest_route=%2Fwp%2Fv2%2Fcomments&post=1915"}],"version-history":[{"count":18,"href":"https:\/\/em-st-thomas.fr\/index.php?rest_route=\/wp\/v2\/pages\/1915\/revisions"}],"predecessor-version":[{"id":5294,"href":"https:\/\/em-st-thomas.fr\/index.php?rest_route=\/wp\/v2\/pages\/1915\/revisions\/5294"}],"wp:attachment":[{"href":"https:\/\/em-st-thomas.fr\/index.php?rest_route=%2Fwp%2Fv2%2Fmedia&parent=1915"}],"curies":[{"name":"wp","href":"https:\/\/api.w.org\/{rel}","templated":true}]}}