{"id":2435,"date":"2019-06-01T09:00:04","date_gmt":"2019-06-01T07:00:04","guid":{"rendered":"http:\/\/em-st-thomas.fr\/?page_id=2435"},"modified":"2025-09-22T16:10:42","modified_gmt":"2025-09-22T14:10:42","slug":"orchestre-des-ecoles-de-musique","status":"publish","type":"page","link":"https:\/\/em-st-thomas.fr\/?page_id=2435","title":{"rendered":"Orchestres PARTAG\u00c9S \u00e9coles de musique \/ conservatoire"},"content":{"rendered":"\n<figure class=\"wp-block-image size-full is-resized\"><img loading=\"lazy\" decoding=\"async\" width=\"1024\" height=\"373\" src=\"https:\/\/em-st-thomas.fr\/wp-content\/uploads\/2025\/09\/Lorchestre-20.jpg\" alt=\"\" class=\"wp-image-6212\" style=\"width:1055px;height:auto\" srcset=\"https:\/\/em-st-thomas.fr\/wp-content\/uploads\/2025\/09\/Lorchestre-20.jpg 1024w, https:\/\/em-st-thomas.fr\/wp-content\/uploads\/2025\/09\/Lorchestre-20-300x109.jpg 300w, https:\/\/em-st-thomas.fr\/wp-content\/uploads\/2025\/09\/Lorchestre-20-768x280.jpg 768w\" sizes=\"(max-width: 1024px) 100vw, 1024px\" \/><\/figure>\n\n\n<div id=\"pl-gb2435-69f0b8ae53fb5\"  class=\"panel-layout wp-block-siteorigin-panels-layout-block\" ><div id=\"pg-gb2435-69f0b8ae53fb5-0\"  class=\"panel-grid panel-no-style\" ><div id=\"pgc-gb2435-69f0b8ae53fb5-0-0\"  class=\"panel-grid-cell\" ><div id=\"panel-gb2435-69f0b8ae53fb5-0-0-0\" class=\"so-panel widget widget_sow-editor panel-first-child\" data-index=\"0\" ><div\n\t\t\t\n\t\t\tclass=\"so-widget-sow-editor so-widget-sow-editor-base\"\n\t\t\t\n\t\t><h3 class=\"widget-title\">Le projet musical<\/h3>\n<div class=\"siteorigin-widget-tinymce textwidget\">\n\t<p>Le projet part d\u2019un constat simple : la production collective est souvent plus stimulante, aboutie et gratifiante que ce que les \u00e9l\u00e8ves peuvent produire individuellement. Elle incite \u00e0 progresser, favorise la coop\u00e9ration entre \u00e9l\u00e8ves et am\u00e8ne certains \u00e0 se d\u00e9passer.<span class=\"Apple-converted-space\">\u00a0<\/span><\/p>\n<p>L\u2019ambition de ces deux orchestres est de rassembler les \u00e9l\u00e8ves des \u00e9coles de musique de la ville de Strasbourg (1er et 2\u00e8me cycles ou \u00e9quivalant) et de donner \u00e0 entendre un r\u00e9pertoire diversifi\u00e9 qui, p\u00e9dagogiquement, soit adapt\u00e9 \u00e0 tous les musiciens participants.<span class=\"Apple-converted-space\">\u00a0<\/span><\/p>\n<p>L\u2019id\u00e9e est de faire le pari de la comp\u00e9tence et de l\u2019intelligence sans avoir peur de l\u2019exigence et de consid\u00e9rer les participants non pas comme des musiciens amateurs mais des musiciens tout simplement.<\/p>\n<p>Epaul\u00e9s d&rsquo;un c\u00f4t\u00e9 par leurs professeurs durant le cours individuel, ils seront mis en confiance par d\u2019autres professeurs, qui, \u00e0 l\u2019int\u00e9rieur des pupitres de l\u2019orchestre, baliseront le terrain et apporteront leur exp\u00e9rience de musiciens professionnels.<\/p>\n<\/div>\n<\/div><\/div><div id=\"panel-gb2435-69f0b8ae53fb5-0-0-1\" class=\"so-panel widget widget_sow-editor\" data-index=\"1\" ><div\n\t\t\t\n\t\t\tclass=\"so-widget-sow-editor so-widget-sow-editor-base\"\n\t\t\t\n\t\t><h3 class=\"widget-title\">Rendre le r\u00e9pertoire symphonique accessible \u00e0 de nouveaux publics<\/h3>\n<div class=\"siteorigin-widget-tinymce textwidget\">\n\t<p>Les \u00e9coles de musique de la ville de Strasbourg peuvent difficilement proposer, individuellement, un tel projet. Il prend donc tout son sens en \u00e9tant mutualis\u00e9 sur l\u2019ensemble des 17 \u00e9coles de la ville, permettant ainsi un acc\u00e8s \u00e0 cette pratique.<\/p>\n<p>Au fil des projets men\u00e9s et \u00e0 l\u2019occasion des repr\u00e9sentations, il assurera \u00e9galement un r\u00f4le de diffusion de la culture et du patrimoine musical.<\/p>\n<\/div>\n<\/div><\/div><div id=\"panel-gb2435-69f0b8ae53fb5-0-0-2\" class=\"so-panel widget widget_sow-editor\" data-index=\"2\" ><div\n\t\t\t\n\t\t\tclass=\"so-widget-sow-editor so-widget-sow-editor-base\"\n\t\t\t\n\t\t><h3 class=\"widget-title\">Partager et transmettre le plaisir de la musique<\/h3>\n<div class=\"siteorigin-widget-tinymce textwidget\">\n\t<p>Le projet s\u2019appuie sur des valeurs universelles de transmission, de partage et d\u2019ouverture, il recouvre \u00e9galement un aspect social inh\u00e9rent \u00e0 toute pratique collective. A travers ces valeurs, l\u2019objectif est de sensibiliser, motiver et fid\u00e9liser les participants sur une programmation artistique dynamique, renouvel\u00e9e chaque ann\u00e9e et sur un projet au long cours.<\/p>\n<\/div>\n<\/div><\/div><div id=\"panel-gb2435-69f0b8ae53fb5-0-0-3\" class=\"so-panel widget widget_sow-editor\" data-index=\"3\" ><div\n\t\t\t\n\t\t\tclass=\"so-widget-sow-editor so-widget-sow-editor-base\"\n\t\t\t\n\t\t><h3 class=\"widget-title\">Comment \u00e7a marche ?<\/h3>\n<div class=\"siteorigin-widget-tinymce textwidget\">\n\t<ul>\n<li>Qui peut participer ? Tout musicien d&rsquo;un niveau autonome (d\u00e8s le 1er cycle pour l&rsquo;orchestre junior \/ 2\u00e8me cycle pour l&rsquo;orchestre adulte) ;<\/li>\n<li>Les r\u00e9p\u00e9titions commencent \u00e0 la rentr\u00e9e des vacances de la Toussaint pour l&rsquo;orchestre junior et adolescent &#8211; respectivement mercredi et samedi 13h30\/14h30 salle 30 \/ courant septembre pour l&rsquo;orchestre adulte &#8211; 20h15\/21h45 salle 20 \u00a0;<\/li>\n<li>Tarif : gratuit\u00e9 pour tout \u00e9l\u00e8ve\u00a0d\u00e9j\u00e0 inscrit dans une \u00e9cole de musique de la ville de Strasbourg ;<\/li>\n<li style=\"text-align: left;\">Les r\u00e9p\u00e9titions auront lieu au Conservatoire de Strasbourg tous les mercredis (hors p\u00e9riodes de vacances scolaires) ;<\/li>\n<li>S\u2019y ajoutent des week-ends de travail dont les dates seront communiqu\u00e9es ult\u00e9rieurement ;<\/li>\n<li>Ont \u00e9t\u00e9 retenues les grands th\u00e8mes du r\u00e9pertoire dans diverses formes : musique symphonique et\/ou concertante, airs d\u2019op\u00e9ra avec solistes et\/ou choeur.<\/li>\n<li>Ces extraits, qui devront \u00eatre vari\u00e9s dans le style et les \u00e9poques, sont choisis dans une approche p\u00e9dagogique soucieuse d\u2019une progression et d\u2019une formation \u00e0 la pratique du jeu d\u2019orchestre.<\/li>\n<li>Plusieurs concerts sont pr\u00e9vu dans l&rsquo;ann\u00e9e.<\/li>\n<\/ul>\n<\/div>\n<\/div><\/div><div id=\"panel-gb2435-69f0b8ae53fb5-0-0-4\" class=\"so-panel widget widget_sow-editor panel-last-child\" data-index=\"4\" ><div\n\t\t\t\n\t\t\tclass=\"so-widget-sow-editor so-widget-sow-editor-base\"\n\t\t\t\n\t\t><h3 class=\"widget-title\">Vous souhaitez participer ? <\/h3>\n<div class=\"siteorigin-widget-tinymce textwidget\">\n\t<p>Remplissez le formulaire d&rsquo;inscription ci-dessous :<\/p>\n\n<div class=\"wpcf7 no-js\" id=\"wpcf7-f2447-o1\" lang=\"fr-FR\" dir=\"ltr\">\n<div class=\"screen-reader-response\"><p role=\"status\" aria-live=\"polite\" aria-atomic=\"true\"><\/p> <ul><\/ul><\/div>\n<form action=\"\/index.php?rest_route=%2Fwp%2Fv2%2Fpages%2F2435#wpcf7-f2447-o1\" method=\"post\" class=\"wpcf7-form init\" aria-label=\"Formulaire de contact\" novalidate=\"novalidate\" data-status=\"init\">\n<div style=\"display: none;\">\n<input type=\"hidden\" name=\"_wpcf7\" value=\"2447\" \/>\n<input type=\"hidden\" name=\"_wpcf7_version\" value=\"5.9.8\" \/>\n<input type=\"hidden\" name=\"_wpcf7_locale\" value=\"fr_FR\" \/>\n<input type=\"hidden\" name=\"_wpcf7_unit_tag\" value=\"wpcf7-f2447-o1\" \/>\n<input type=\"hidden\" name=\"_wpcf7_container_post\" value=\"0\" \/>\n<input type=\"hidden\" name=\"_wpcf7_posted_data_hash\" value=\"\" \/>\n<\/div>\n<p><label> Nom, pr\u00e9nom<br \/>\n<span class=\"wpcf7-form-control-wrap\" data-name=\"your-name\"><input size=\"40\" maxlength=\"400\" class=\"wpcf7-form-control wpcf7-text wpcf7-validates-as-required\" aria-required=\"true\" aria-invalid=\"false\" value=\"\" type=\"text\" name=\"your-name\" \/><\/span> <\/label>\n<\/p>\n<p><label> Adresse email<br \/>\n<span class=\"wpcf7-form-control-wrap\" data-name=\"your-email\"><input size=\"40\" maxlength=\"400\" class=\"wpcf7-form-control wpcf7-email wpcf7-validates-as-required wpcf7-text wpcf7-validates-as-email\" aria-required=\"true\" aria-invalid=\"false\" value=\"\" type=\"email\" name=\"your-email\" \/><\/span> <\/label>\n<\/p>\n<p><label> T\u00e9l.<br \/>\n<span class=\"wpcf7-form-control-wrap\" data-name=\"your-tel\"><input size=\"40\" maxlength=\"400\" class=\"wpcf7-form-control wpcf7-tel wpcf7-validates-as-required wpcf7-text wpcf7-validates-as-tel\" aria-required=\"true\" aria-invalid=\"false\" value=\"\" type=\"tel\" name=\"your-tel\" \/><\/span> <\/label>\n<\/p>\n<p><label> \u00c9cole de musique fr\u00e9quent\u00e9e <\/label><br \/>\n<span class=\"wpcf7-form-control-wrap\" data-name=\"menu-369\"><select class=\"wpcf7-form-control wpcf7-select wpcf7-validates-as-required\" aria-required=\"true\" aria-invalid=\"false\" name=\"menu-369\"><option value=\"aucune\">aucune<\/option><option value=\"ADEMSC\">ADEMSC<\/option><option value=\"AMC Cronenbourg\">AMC Cronenbourg<\/option><option value=\"CEMC Robertsau\">CEMC Robertsau<\/option><option value=\"CMK\">CMK<\/option><option value=\"CSC ARES\">CSC ARES<\/option><option value=\"CSC Elsau\">CSC Elsau<\/option><option value=\"CSC Foss\u00e9 des Treize\">CSC Foss\u00e9 des Treize<\/option><option value=\"CSC Hautepierre\">CSC Hautepierre<\/option><option value=\"CSC Koenigshoffen\">CSC Koenigshoffen<\/option><option value=\"CSC Montagne Verte\">CSC Montagne Verte<\/option><option value=\"CSC Neudorf\">CSC Neudorf<\/option><option value=\"CSC Neuhof\">CSC Neuhof<\/option><option value=\"Harmonie Caecilia\">Harmonie Caecilia<\/option><option value=\"Le P\u00e9lican Musicien\">Le P\u00e9lican Musicien<\/option><option value=\"Neuhof-Stockfeld\">Neuhof-Stockfeld<\/option><option value=\"P\u00f4le Sud\">P\u00f4le Sud<\/option><option value=\"St-Thomas\">St-Thomas<\/option><\/select><\/span>\n<\/p>\n<p><label> Instrument pratiqu\u00e9 <\/label><br \/>\n<span class=\"wpcf7-form-control-wrap\" data-name=\"menu-215\"><select class=\"wpcf7-form-control wpcf7-select wpcf7-validates-as-required\" aria-required=\"true\" aria-invalid=\"false\" name=\"menu-215\"><option value=\"Flute traversi\u00e8re\">Flute traversi\u00e8re<\/option><option value=\"Hautbois\">Hautbois<\/option><option value=\"Clarinette\">Clarinette<\/option><option value=\"Basson\">Basson<\/option><option value=\"Saxophone\">Saxophone<\/option><option value=\"Cor\">Cor<\/option><option value=\"Trompette\">Trompette<\/option><option value=\"Trombone\">Trombone<\/option><option value=\"Tuba\">Tuba<\/option><option value=\"Percussions\">Percussions<\/option><option value=\"Violon\">Violon<\/option><option value=\"Alto\">Alto<\/option><option value=\"Violoncelle\">Violoncelle<\/option><option value=\"Contrebasse\">Contrebasse<\/option><option value=\"Harpe\">Harpe<\/option><\/select><\/span>\n<\/p>\n<p><label> Nom du professeur<br \/>\n<span class=\"wpcf7-form-control-wrap\" data-name=\"your-prof\"><input size=\"40\" maxlength=\"400\" class=\"wpcf7-form-control wpcf7-text wpcf7-validates-as-required\" aria-required=\"true\" aria-invalid=\"false\" value=\"\" type=\"text\" name=\"your-prof\" \/><\/span> <\/label>\n<\/p>\n<p><label> Message (facultatif)<br \/>\n<span class=\"wpcf7-form-control-wrap\" data-name=\"your-message\"><textarea cols=\"40\" rows=\"10\" maxlength=\"2000\" class=\"wpcf7-form-control wpcf7-textarea\" aria-invalid=\"false\" name=\"your-message\"><\/textarea><\/span> <\/label>\n<\/p>\n<p><input class=\"wpcf7-form-control wpcf7-submit has-spinner\" type=\"submit\" value=\"Envoyer\" \/>\n<\/p><p style=\"display: none !important;\" class=\"akismet-fields-container\" data-prefix=\"_wpcf7_ak_\"><label>&#916;<textarea name=\"_wpcf7_ak_hp_textarea\" cols=\"45\" rows=\"8\" maxlength=\"100\"><\/textarea><\/label><input type=\"hidden\" id=\"ak_js_1\" name=\"_wpcf7_ak_js\" value=\"112\"\/><script type=\"text\/javascript\">\n\/* <![CDATA[ *\/\ndocument.getElementById( \"ak_js_1\" ).setAttribute( \"value\", ( new Date() ).getTime() );\n\/* ]]> *\/\n<\/script>\n<\/p><div class=\"wpcf7-response-output\" aria-hidden=\"true\"><\/div>\n<\/form>\n<\/div>\n\n<\/div>\n<\/div><\/div><\/div><\/div><\/div>\n\n<div id=\"pl-gb2435-69f0b8ae554bb\"  class=\"panel-layout wp-block-siteorigin-panels-layout-block\" ><div id=\"pg-gb2435-69f0b8ae554bb-0\"  class=\"panel-grid panel-no-style\" ><div id=\"pgc-gb2435-69f0b8ae554bb-0-0\"  class=\"panel-grid-cell\" ><div id=\"panel-gb2435-69f0b8ae554bb-0-0-0\" class=\"so-panel widget widget_sow-editor panel-first-child panel-last-child\" data-index=\"0\" ><div\n\t\t\t\n\t\t\tclass=\"so-widget-sow-editor so-widget-sow-editor-base\"\n\t\t\t\n\t\t>\n<div class=\"siteorigin-widget-tinymce textwidget\">\n\t<p><span style=\"color: #ff0000;\"><span class=\"Apple-converted-space\">En vous inscrivant<\/span>\u00a0\u00e0 l\u2019orchestre mutualis\u00e9 des \u00e9coles de musique, vous vous engagez \u00e0 assister \u00e0 l\u2019ensemble des r\u00e9p\u00e9titions qui auront lieu le mercredi au Conservatoire de Strasbourg.<\/span><\/p>\n<\/div>\n<\/div><\/div><\/div><\/div><\/div>\n\n\n<p><\/p>\n","protected":false},"excerpt":{"rendered":"","protected":false},"author":1,"featured_media":0,"parent":0,"menu_order":0,"comment_status":"closed","ping_status":"closed","template":"","meta":{"footnotes":""},"_links":{"self":[{"href":"https:\/\/em-st-thomas.fr\/index.php?rest_route=\/wp\/v2\/pages\/2435"}],"collection":[{"href":"https:\/\/em-st-thomas.fr\/index.php?rest_route=\/wp\/v2\/pages"}],"about":[{"href":"https:\/\/em-st-thomas.fr\/index.php?rest_route=\/wp\/v2\/types\/page"}],"author":[{"embeddable":true,"href":"https:\/\/em-st-thomas.fr\/index.php?rest_route=\/wp\/v2\/users\/1"}],"replies":[{"embeddable":true,"href":"https:\/\/em-st-thomas.fr\/index.php?rest_route=%2Fwp%2Fv2%2Fcomments&post=2435"}],"version-history":[{"count":66,"href":"https:\/\/em-st-thomas.fr\/index.php?rest_route=\/wp\/v2\/pages\/2435\/revisions"}],"predecessor-version":[{"id":6220,"href":"https:\/\/em-st-thomas.fr\/index.php?rest_route=\/wp\/v2\/pages\/2435\/revisions\/6220"}],"wp:attachment":[{"href":"https:\/\/em-st-thomas.fr\/index.php?rest_route=%2Fwp%2Fv2%2Fmedia&parent=2435"}],"curies":[{"name":"wp","href":"https:\/\/api.w.org\/{rel}","templated":true}]}}