{"id":83,"date":"2018-04-26T09:34:37","date_gmt":"2018-04-26T07:34:37","guid":{"rendered":"http:\/\/testecolestthomas2.ddns.net\/wordpress\/?page_id=83"},"modified":"2023-02-09T09:22:33","modified_gmt":"2023-02-09T08:22:33","slug":"equipe-administrative","status":"publish","type":"page","link":"https:\/\/em-st-thomas.fr\/?page_id=83","title":{"rendered":"Missions"},"content":{"rendered":"<div id=\"pl-83\"  class=\"panel-layout\" ><div id=\"pg-83-0\"  class=\"panel-grid panel-no-style\" ><div id=\"pgc-83-0-0\"  class=\"panel-grid-cell\" ><div id=\"panel-83-0-0-0\" class=\"so-panel widget widget_sow-editor panel-first-child panel-last-child\" data-index=\"0\" ><div\n\t\t\t\n\t\t\tclass=\"so-widget-sow-editor so-widget-sow-editor-base\"\n\t\t\t\n\t\t><h3 class=\"widget-title\">Les missions de notre \u00e9tablissement<\/h3>\n<div class=\"siteorigin-widget-tinymce textwidget\">\n\t<p>Conform\u00e9ment aux pr\u00e9conisations du Minist\u00e8re de la Culture, l\u2019Ecole de Musique St-Thomas a pour vocation d\u2019offrir une formation artistique de qualit\u00e9 en vue d'une pratique amateur autonome. Elle participe ainsi \u00e0 l'\u00e9ducation culturelle au sein de la ville de Strasbourg, offre \u00e0 un large public la possibilit\u00e9 de s\u2019\u00e9panouir par la sensibilisation et l'initiation artistique et contribue en cela \u00e0 l'effort de d\u00e9mocratisation des pratiques artistiques.<\/p>\n<p>Notre projet d'\u00e9tablissement s'inscrit dans le respect du Sch\u00e9ma National d\u2019Orientation P\u00e9dagogique de l\u2019Enseignement Initial de la Musique dont les grandes lignes sont :\u00a0<i> <\/i><\/p>\n<ul>\n<li><i><\/i>Mettre l'accent sur les pratiques collectives<\/li>\n<li>Globaliser la formation pour la rendre coh\u00e9rente<\/li>\n<li>Renforcer la place de la culture musicale<\/li>\n<li>Renforcer les liens avec les \u00e9tablissements scolaires de l'Education Nationale<\/li>\n<li>Renforcer les liens avec les pratiques en amateur : la mission premi\u00e8re des \u00e9tablissements \u00e9tant de former des amateurs, il s\u2019agit de favoriser les liens avec la pratique en amateur existant \u00e0 l\u2019int\u00e9rieur ou \u00e0 l\u2019ext\u00e9rieur de l'\u00e9cole de musique afin qu\u2019un grand nombre d\u2019\u00e9l\u00e8ves poursuivent leur pratique artistique au-del\u00e0 des enseignements de l'\u00e9cole.<\/li>\n<li>Adopter un cursus des \u00e9tudes en cycles d\u2019apprentissage : un cycle est une p\u00e9riode, g\u00e9n\u00e9ralement pluriannuelle, qui permet la r\u00e9alisation d\u2019un certain nombre d\u2019objectifs de formation que l\u2019on a pr\u00e9alablement d\u00e9finis. Ces objectifs concourent \u00e0 l\u2019acquisition de comp\u00e9tences dont on peut constater la coh\u00e9rence \u00e0 l\u2019issue de la p\u00e9riode \u00e9tablie.<\/li>\n<\/ul>\n<\/div>\n<\/div><\/div><\/div><\/div><\/div>","protected":false},"excerpt":{"rendered":"<p>Conform\u00e9ment aux pr\u00e9conisations du Minist\u00e8re de la Culture, l\u2019Ecole de Musique St-Thomas a pour vocation d\u2019offrir une formation artistique de qualit\u00e9 en vue d&rsquo;une pratique amateur autonome. Elle participe ainsi \u00e0 l&rsquo;\u00e9ducation culturelle au sein de la ville de Strasbourg, offre \u00e0 un large public la possibilit\u00e9 de s\u2019\u00e9panouir par la sensibilisation et l&rsquo;initiation artistique&hellip; <br \/> <a class=\"read-more\" href=\"https:\/\/em-st-thomas.fr\/?page_id=83\">Lire la suite<\/a><\/p>\n","protected":false},"author":1,"featured_media":0,"parent":0,"menu_order":0,"comment_status":"closed","ping_status":"closed","template":"","meta":{"footnotes":""},"_links":{"self":[{"href":"https:\/\/em-st-thomas.fr\/index.php?rest_route=\/wp\/v2\/pages\/83"}],"collection":[{"href":"https:\/\/em-st-thomas.fr\/index.php?rest_route=\/wp\/v2\/pages"}],"about":[{"href":"https:\/\/em-st-thomas.fr\/index.php?rest_route=\/wp\/v2\/types\/page"}],"author":[{"embeddable":true,"href":"https:\/\/em-st-thomas.fr\/index.php?rest_route=\/wp\/v2\/users\/1"}],"replies":[{"embeddable":true,"href":"https:\/\/em-st-thomas.fr\/index.php?rest_route=%2Fwp%2Fv2%2Fcomments&post=83"}],"version-history":[{"count":17,"href":"https:\/\/em-st-thomas.fr\/index.php?rest_route=\/wp\/v2\/pages\/83\/revisions"}],"predecessor-version":[{"id":5384,"href":"https:\/\/em-st-thomas.fr\/index.php?rest_route=\/wp\/v2\/pages\/83\/revisions\/5384"}],"wp:attachment":[{"href":"https:\/\/em-st-thomas.fr\/index.php?rest_route=%2Fwp%2Fv2%2Fmedia&parent=83"}],"curies":[{"name":"wp","href":"https:\/\/api.w.org\/{rel}","templated":true}]}}