{"id":850,"date":"2018-06-30T18:34:46","date_gmt":"2018-06-30T16:34:46","guid":{"rendered":"http:\/\/testecolestthomas2.ddns.net\/wordpress\/?page_id=850"},"modified":"2024-03-27T10:14:09","modified_gmt":"2024-03-27T09:14:09","slug":"presentation","status":"publish","type":"page","link":"https:\/\/em-st-thomas.fr\/?page_id=850","title":{"rendered":"L&rsquo;Ecole de Musique St-Thomas"},"content":{"rendered":"<div id=\"pl-850\"  class=\"panel-layout\" ><div id=\"pg-850-0\"  class=\"panel-grid panel-no-style\" ><div id=\"pgc-850-0-0\"  class=\"panel-grid-cell\" ><div id=\"panel-850-0-0-0\" class=\"so-panel widget widget_sow-editor panel-first-child\" data-index=\"0\" ><div\n\t\t\t\n\t\t\tclass=\"so-widget-sow-editor so-widget-sow-editor-base\"\n\t\t\t\n\t\t><h3 class=\"widget-title\">Pr\u00e9sentation<\/h3>\n<div class=\"siteorigin-widget-tinymce textwidget\">\n\t<p>Situ\u00e9e dans le quartier historique de la Petite France \u00e0 Strasbourg, l\u2019Ecole de Musique St-Thomas se situe au dernier \u00e9tage du groupement scolaire du m\u00eame nom (plus d'informations sur l'historique du b\u00e2timent <a href=\"http:\/\/www.archi-wiki.org\/Adresse:Ecole_Saint-Thomas_(Strasbourg)\">ici<\/a>).<\/p>\n<p>Inaugur\u00e9e en 2005 en lieu et place de l\u2019ancien CRFM (Centre Rh\u00e9nan de Formation Musicale), l\u2019Ecole de Musique St-Thomas est une association reconnue d'int\u00e9r\u00eat g\u00e9n\u00e9ral qui d\u00e9veloppe un projet p\u00e9renne et dynamique d'enseignement musical.<\/p>\n<p>Afin d'assurer le rayonnement et la valorisation de la formation musicale qui y est dispens\u00e9e,\u00a0l\u2019Ecole de Musique St-Thomas propose en moyenne chaque ann\u00e9e une cinquantaine d'actions : concerts ou auditions d\u2019\u00e9l\u00e8ves, stages, restitutions d\u2019ateliers ou de projets en partenariats avec d\u2019autres structures, rencontres autour d\u2019artistes invit\u00e9s mais aussi participation aux nombreuses manifestations culturelles organis\u00e9es par la ville de Strasbourg. Toutes ces actions participent de la formation des \u00e9l\u00e8ves : action culturelle et formation se nourrissent et s\u2019enrichissent mutuellement.<\/p>\n<p>V\u00e9ritable centre de ressource pour la musique (diffusion d'informations, conseils, \u00e9changes etc.), l'Ecole de Musique St-Thomas\u00a0fait partie du r\u00e9seau des 17 \u00e9coles de musique de la ville de Strasbourg et est, \u00e0 ce titre, soutenue par la municipalit\u00e9 mais aussi par la Communaut\u00e9 europ\u00e9enne d'Alsace. Son activit\u00e9 rel\u00e8ve de la Convention Collective Nationale de l\u2019Animation (ECLAT).<\/p>\n<\/div>\n<\/div><\/div><div id=\"panel-850-0-0-1\" class=\"so-panel widget widget_sow-editor\" data-index=\"1\" ><div\n\t\t\t\n\t\t\tclass=\"so-widget-sow-editor so-widget-sow-editor-base\"\n\t\t\t\n\t\t><h3 class=\"widget-title\">Conseil d'Administration<\/h3>\n<div class=\"siteorigin-widget-tinymce textwidget\">\n\t<p>L'Ecole de Musique Saint-Thomas est une \u00e9cole associative g\u00e9r\u00e9e par un conseil d\u2019administration \u00e9lu en assembl\u00e9e g\u00e9n\u00e9rale dont voici la composition :<\/p>\n<ul>\n<li>Pr\u00e9sidente : Emilie KOECHLIN<\/li>\n<li>Secr\u00e9taire G\u00e9n\u00e9ral :\u00a0Nicolas STEINER<\/li>\n<li>Tr\u00e9sorier : St\u00e9phanie DALFEUR<\/li>\n<\/ul>\n<\/div>\n<\/div><\/div><div id=\"panel-850-0-0-2\" class=\"so-panel widget widget_sow-editor panel-last-child\" data-index=\"2\" ><div\n\t\t\t\n\t\t\tclass=\"so-widget-sow-editor so-widget-sow-editor-base\"\n\t\t\t\n\t\t><h3 class=\"widget-title\">Equipe administrative<\/h3>\n<div class=\"siteorigin-widget-tinymce textwidget\">\n\t<p>Le directeur dirige l'\u00e9tablissement. Il est le garant de la mise en oeuvre du projet d'\u00e9tablissement.<\/p>\n<ul>\n<li>Directeur : Guillaume SEBASTIEN<\/li>\n<li>Secr\u00e9tariat : Laurent WILL<\/li>\n<\/ul>\n<\/div>\n<\/div><\/div><\/div><\/div><\/div>","protected":false},"excerpt":{"rendered":"<p>Situ\u00e9e dans le quartier historique de la Petite France \u00e0 Strasbourg, l\u2019Ecole de Musique St-Thomas se situe au dernier \u00e9tage du groupement scolaire du m\u00eame nom (plus d&rsquo;informations sur l&rsquo;historique du b\u00e2timent ici). Inaugur\u00e9e en 2005 en lieu et place de l\u2019ancien CRFM (Centre Rh\u00e9nan de Formation Musicale), l\u2019Ecole de Musique St-Thomas est une association&hellip; <br \/> <a class=\"read-more\" href=\"https:\/\/em-st-thomas.fr\/?page_id=850\">Lire la suite<\/a><\/p>\n","protected":false},"author":1,"featured_media":0,"parent":0,"menu_order":0,"comment_status":"closed","ping_status":"closed","template":"","meta":{"footnotes":""},"_links":{"self":[{"href":"https:\/\/em-st-thomas.fr\/index.php?rest_route=\/wp\/v2\/pages\/850"}],"collection":[{"href":"https:\/\/em-st-thomas.fr\/index.php?rest_route=\/wp\/v2\/pages"}],"about":[{"href":"https:\/\/em-st-thomas.fr\/index.php?rest_route=\/wp\/v2\/types\/page"}],"author":[{"embeddable":true,"href":"https:\/\/em-st-thomas.fr\/index.php?rest_route=\/wp\/v2\/users\/1"}],"replies":[{"embeddable":true,"href":"https:\/\/em-st-thomas.fr\/index.php?rest_route=%2Fwp%2Fv2%2Fcomments&post=850"}],"version-history":[{"count":74,"href":"https:\/\/em-st-thomas.fr\/index.php?rest_route=\/wp\/v2\/pages\/850\/revisions"}],"predecessor-version":[{"id":5731,"href":"https:\/\/em-st-thomas.fr\/index.php?rest_route=\/wp\/v2\/pages\/850\/revisions\/5731"}],"wp:attachment":[{"href":"https:\/\/em-st-thomas.fr\/index.php?rest_route=%2Fwp%2Fv2%2Fmedia&parent=850"}],"curies":[{"name":"wp","href":"https:\/\/api.w.org\/{rel}","templated":true}]}}